{"id":458,"date":"2025-08-18T15:07:28","date_gmt":"2025-08-18T15:07:28","guid":{"rendered":"http:\/\/campsdevents.com\/productos\/"},"modified":"2025-10-01T15:46:26","modified_gmt":"2025-10-01T15:46:26","slug":"productos","status":"publish","type":"page","link":"https:\/\/campsdevents.com\/es\/productos\/","title":{"rendered":"Productos"},"content":{"rendered":"<p>[et_pb_section fb_built=\u00bb1&#8243; custom_padding_last_edited=\u00bbon|desktop\u00bb admin_label=\u00bbHeader\u00bb _builder_version=\u00bb4.27.4&#8243; _module_preset=\u00bbe34027b4-52ad-4e25-bd62-726b85cb5407&#8243; background_color_gradient_stops=\u00bbrgba(255,255,255,0) 15%|rgba(0,0,0,0.65) 100%\u00bb background_image=\u00bbhttp:\/\/campsdevents.com\/wp-content\/uploads\/2025\/08\/productes-camps-header-1.jpg\u00bb custom_padding=\u00bb121px||133px||false|false\u00bb custom_padding_tablet=\u00bb\u00bb custom_padding_phone=\u00bb23px||23px||false|false\u00bb collapsed=\u00bbon\u00bb global_colors_info=\u00bb{}\u00bb][et_pb_row _builder_version=\u00bb4.27.4&#8243; _module_preset=\u00bbdefault\u00bb max_width=\u00bb600px\u00bb global_colors_info=\u00bb{}\u00bb][et_pb_column type=\u00bb4_4&#8243; _builder_version=\u00bb4.27.4&#8243; _module_preset=\u00bbdefault\u00bb global_colors_info=\u00bb{}\u00bb][et_pb_heading title=\u00bbProductos\u00bb _builder_version=\u00bb4.27.4&#8243; _module_preset=\u00bbd9c13028-f0d4-48da-bc7a-08d6d20c8802&#8243; title_text_align=\u00bbcenter\u00bb title_text_color=\u00bb#FFFFFF\u00bb custom_margin=\u00bb||10px||false|false\u00bb hover_enabled=\u00bb0&#8243; title_text_shadow_style=\u00bbpreset1&#8243; global_colors_info=\u00bb{}\u00bb sticky_enabled=\u00bb0&#8243;][\/et_pb_heading][\/et_pb_column][\/et_pb_row][\/et_pb_section][et_pb_section fb_built=\u00bb1&#8243; _builder_version=\u00bb4.27.4&#8243; _module_preset=\u00bbdefault\u00bb custom_padding=\u00bb35px||30px|||\u00bb global_colors_info=\u00bb{}\u00bb][et_pb_row _builder_version=\u00bb4.27.4&#8243; _module_preset=\u00bbdefault\u00bb global_colors_info=\u00bb{}\u00bb][et_pb_column type=\u00bb4_4&#8243; _builder_version=\u00bb4.27.4&#8243; _module_preset=\u00bbdefault\u00bb global_colors_info=\u00bb{}\u00bb][et_pb_heading title=\u00bbAceite de Oliva Virgen Extra del Empord\u00e0\u00bb _builder_version=\u00bb4.27.4&#8243; _module_preset=\u00bb2a56398e-4a7d-4ed4-90d7-7f7671f72d30&#8243; title_text_align=\u00bbcenter\u00bb custom_margin=\u00bb||10px||false|false\u00bb hover_enabled=\u00bb0&#8243; global_colors_info=\u00bb{}\u00bb sticky_enabled=\u00bb0&#8243;][\/et_pb_heading][et_pb_text _builder_version=\u00bb4.27.4&#8243; _module_preset=\u00bbdefault\u00bb text_orientation=\u00bbjustified\u00bb global_colors_info=\u00bb{}\u00bb]<\/p>\n<p style=\"text-align: center;\"><strong>Una tradici\u00f3n milenaria convertida en excelencia<\/strong><\/p>\n<p style=\"text-align: justify;\">Nuestro aceite nace en el Empord\u00e0, donde los olivos arraigan en tierras ba\u00f1adas por el Mediterr\u00e1neo y mecidas por la tramontana. Esta regi\u00f3n emblem\u00e1tica conserva una larga tradici\u00f3n olivarera desde el siglo VI a.C., cuando los griegos trajeron el cultivo del olivo a Ampurias y Rosas.<br \/>Hoy, continuamos este legado con pasi\u00f3n y respeto por la tierra, elaborando aceites ecol\u00f3gicos que son reflejo de nuestra cultura y paisaje.<\/p>\n<p>[\/et_pb_text][et_pb_image src=\u00bbhttp:\/\/campsdevents.com\/wp-content\/uploads\/2025\/08\/productes-Oliva-Verge-camps.jpg\u00bb alt=\u00bbProductos &#8211; Oliva Virgen -Camps\u00bb title_text=\u00bbproductos-Oliva Virgen-camps\u00bb _builder_version=\u00bb4.27.4&#8243; _module_preset=\u00bbdefault\u00bb global_colors_info=\u00bb{}\u00bb][\/et_pb_image][\/et_pb_column][\/et_pb_row][\/et_pb_section][et_pb_section fb_built=\u00bb1&#8243; _builder_version=\u00bb4.27.4&#8243; _module_preset=\u00bbdefault\u00bb background_color=\u00bbgcid-240c6e09-0082-45c4-ad53-9792a257f9cc\u00bb custom_padding=\u00bb17px|||||\u00bb global_colors_info=\u00bb{%22gcid-240c6e09-0082-45c4-ad53-9792a257f9cc%22:%91%22background_color%22%93}\u00bb][et_pb_row _builder_version=\u00bb4.27.4&#8243; _module_preset=\u00bbdefault\u00bb global_colors_info=\u00bb{}\u00bb][et_pb_column type=\u00bb4_4&#8243; _builder_version=\u00bb4.27.4&#8243; _module_preset=\u00bbdefault\u00bb global_colors_info=\u00bb{}\u00bb][et_pb_heading title=\u00bbVariedades de Aceite de Oliva Virgen Extra Ecol\u00f3gico\u00bb _builder_version=\u00bb4.27.4&#8243; _module_preset=\u00bbf36da15a-08ca-48fc-aa5c-741dee51da95&#8243; title_text_align=\u00bbcenter\u00bb hover_enabled=\u00bb0&#8243; global_colors_info=\u00bb{}\u00bb sticky_enabled=\u00bb0&#8243;][\/et_pb_heading][et_pb_text _builder_version=\u00bb4.27.4&#8243; _module_preset=\u00bba9182e0f-abee-441b-ac6a-3cc41dcee953&#8243; text_orientation=\u00bbcenter\u00bb global_colors_info=\u00bb{}\u00bb]<\/p>\n<p style=\"text-align: center;\"><span data-sheets-root=\"1\">Trabajando con cuidado y sostenibilidad, cultivamos tres variedades de aceituna que definen la personalidad de nuestros aceites<\/span><\/p>\n<p>[\/et_pb_text][\/et_pb_column][\/et_pb_row][et_pb_row column_structure=\u00bb1_3,1_3,1_3&#8243; use_custom_gutter=\u00bbon\u00bb gutter_width=\u00bb2&#8243; make_equal=\u00bbon\u00bb _builder_version=\u00bb4.27.4&#8243; _module_preset=\u00bbdefault\u00bb global_colors_info=\u00bb{}\u00bb][et_pb_column type=\u00bb1_3&#8243; _builder_version=\u00bb4.27.4&#8243; _module_preset=\u00bb01b32724-64a2-4343-b95b-939864835847&#8243; global_colors_info=\u00bb{}\u00bb][et_pb_heading title=\u00bbArgudell\u00bb _builder_version=\u00bb4.27.4&#8243; _module_preset=\u00bb3bce9cf3-2384-4090-9048-2251071f14cf\u00bb title_text_align=\u00bbcenter\u00bb hover_enabled=\u00bb0&#8243; global_colors_info=\u00bb{}\u00bb sticky_enabled=\u00bb0&#8243;][\/et_pb_heading][et_pb_text _builder_version=\u00bb4.27.4&#8243; _module_preset=\u00bba9182e0f-abee-441b-ac6a-3cc41dcee953&#8243; text_orientation=\u00bbcenter\u00bb global_colors_info=\u00bb{}\u00bb]<\/p>\n<p><span data-sheets-root=\"1\">Variedad aut\u00f3ctona y emblema del territorio. Da lugar a un aceite verde intenso, con aromas vegetales y un gusto potente y complejo en boca. Ideal para quienes buscan autenticidad y car\u00e1cter.<\/span><\/p>\n<p>[\/et_pb_text][\/et_pb_column][et_pb_column type=\u00bb1_3&#8243; _builder_version=\u00bb4.27.4&#8243; _module_preset=\u00bb01b32724-64a2-4343-b95b-939864835847&#8243; global_colors_info=\u00bb{}\u00bb][et_pb_heading title=\u00bbPicual\u00bb _builder_version=\u00bb4.27.4&#8243; _module_preset=\u00bb3bce9cf3-2384-4090-9048-2251071f14cf\u00bb title_text_align=\u00bbcenter\u00bb global_colors_info=\u00bb{}\u00bb][\/et_pb_heading][et_pb_text _builder_version=\u00bb4.27.4&#8243; _module_preset=\u00bba9182e0f-abee-441b-ac6a-3cc41dcee953&#8243; text_orientation=\u00bbcenter\u00bb global_colors_info=\u00bb{}\u00bb]<\/p>\n<p><span data-sheets-root=\"1\">La variedad m\u00e1s cultivada en Espa\u00f1a. El aceite de picual destaca por su gran estabilidad, alto contenido en polifenoles y resistencia a la oxidaci\u00f3n. Aporta cuerpo y longevidad al coupage.<\/span><\/p>\n<p>[\/et_pb_text][\/et_pb_column][et_pb_column type=\u00bb1_3&#8243; _builder_version=\u00bb4.27.4&#8243; _module_preset=\u00bb01b32724-64a2-4343-b95b-939864835847&#8243; global_colors_info=\u00bb{}\u00bb][et_pb_heading title=\u00bbArbequina\u00bb _builder_version=\u00bb4.27.4&#8243; _module_preset=\u00bb3bce9cf3-2384-4090-9048-2251071f14cf\u00bb title_text_align=\u00bbcenter\u00bb global_colors_info=\u00bb{}\u00bb][\/et_pb_heading][et_pb_text _builder_version=\u00bb4.27.4&#8243; _module_preset=\u00bba9182e0f-abee-441b-ac6a-3cc41dcee953&#8243; text_orientation=\u00bbcenter\u00bb global_colors_info=\u00bb{}\u00bb]<\/p>\n<p><span data-sheets-root=\"1\">Una variedad tradicional que se adapta perfectamente a nuestro clima desde el siglo XVIII. Produce un aceite suave, afrutado y dulce, con notas de almendra y manzana. Ideal para los paladares m\u00e1s delicados.<\/span><\/p>\n<p>[\/et_pb_text][\/et_pb_column][\/et_pb_row][\/et_pb_section][et_pb_section fb_built=\u00bb1&#8243; admin_label=\u00bbFeatures\u00bb _builder_version=\u00bb4.27.4&#8243; _module_preset=\u00bbdefault\u00bb collapsed=\u00bbon\u00bb global_colors_info=\u00bb{}\u00bb][et_pb_row column_structure=\u00bb1_2,1_2&#8243; _builder_version=\u00bb4.27.4&#8243; _module_preset=\u00bbdefault\u00bb global_colors_info=\u00bb{}\u00bb][et_pb_column type=\u00bb1_2&#8243; _builder_version=\u00bb4.27.4&#8243; _module_preset=\u00bbdefault\u00bb global_colors_info=\u00bb{}\u00bb][et_pb_heading title=\u00bb\u00bfPor qu\u00e9 elegir nuestros aceites?\u00bb _builder_version=\u00bb4.27.4&#8243; _module_preset=\u00bbf36da15a-08ca-48fc-aa5c-741dee51da95&#8243; title_text_align=\u00bbleft\u00bb hover_enabled=\u00bb0&#8243; global_colors_info=\u00bb{}\u00bb sticky_enabled=\u00bb0&#8243;][\/et_pb_heading][et_pb_text _builder_version=\u00bb4.27.4&#8243; _module_preset=\u00bbdefault\u00bb global_colors_info=\u00bb{}\u00bb]<\/p>\n<p>Nuestros aceites son mucho m\u00e1s que un producto: son una expresi\u00f3n del territorio, una manera de conectar con la naturaleza y disfrutar de los sabores aut\u00e9nticos del Empord\u00e0.<\/p>\n<p>[\/et_pb_text][\/et_pb_column][et_pb_column type=\u00bb1_2&#8243; _builder_version=\u00bb4.27.4&#8243; _module_preset=\u00bb01b32724-64a2-4343-b95b-939864835847&#8243; global_colors_info=\u00bb{}\u00bb][et_pb_blurb use_icon=\u00bbon\u00bb font_icon=\u00bb&#xf00c;||fa||900&#8243; image_icon_width=\u00bb38px\u00bb _builder_version=\u00bb4.27.4&#8243; _module_preset=\u00bbdefault\u00bb header_text_color=\u00bb#000000&#8243; custom_margin=\u00bb||15px|||\u00bb global_colors_info=\u00bb{}\u00bb]<\/p>\n<p>Aceite virgen extra 100% ecol\u00f3gico<\/p>\n<p>[\/et_pb_blurb][et_pb_blurb use_icon=\u00bbon\u00bb font_icon=\u00bb&#xf00c;||fa||900&#8243; image_icon_width=\u00bb38px\u00bb _builder_version=\u00bb4.27.4&#8243; _module_preset=\u00bbdefault\u00bb header_text_color=\u00bb#000000&#8243; custom_margin=\u00bb||15px|||\u00bb global_colors_info=\u00bb{}\u00bb]<\/p>\n<p>Variedades recolectadas a mano<\/p>\n<p>[\/et_pb_blurb][\/et_pb_column][\/et_pb_row][\/et_pb_section][et_pb_section fb_built=\u00bb1&#8243; _builder_version=\u00bb4.27.4&#8243; _module_preset=\u00bbe34027b4-52ad-4e25-bd62-726b85cb5407&#8243; background_image=\u00bbhttp:\/\/campsdevents.com\/wp-content\/uploads\/2025\/08\/productes-camps-header.jpg\u00bb custom_padding=\u00bb8vw||8vw||true|false\u00bb global_colors_info=\u00bb{}\u00bb][et_pb_row _builder_version=\u00bb4.27.4&#8243; _module_preset=\u00bbdefault\u00bb locked=\u00bboff\u00bb global_colors_info=\u00bb{}\u00bb][et_pb_column type=\u00bb4_4&#8243; _builder_version=\u00bb4.27.4&#8243; _module_preset=\u00bbdefault\u00bb global_colors_info=\u00bb{}\u00bb][et_pb_button button_url=\u00bb@ET-DC@eyJkeW5hbWljIjp0cnVlLCJjb250ZW50IjoicG9zdF9saW5rX3VybF9wYWdlIiwic2V0dGluZ3MiOnsicG9zdF9pZCI6IjIwNCJ9fQ==@\u00bb button_text=\u00bbContacta con nosotros\u00bb button_alignment=\u00bbcenter\u00bb _builder_version=\u00bb4.27.4&#8243; _dynamic_attributes=\u00bbbutton_url\u00bb _module_preset=\u00bb27b01309-5099-423f-9646-84c2af8dd24a\u00bb global_colors_info=\u00bb{}\u00bb][\/et_pb_button][\/et_pb_column][\/et_pb_row][\/et_pb_section]<\/p>\n","protected":false},"excerpt":{"rendered":"<p>Una tradici\u00f3n milenaria convertida en excelencia Nuestro aceite nace en el Empord\u00e0, donde los olivos arraigan en tierras ba\u00f1adas por el Mediterr\u00e1neo y mecidas por la tramontana. Esta regi\u00f3n emblem\u00e1tica conserva una larga tradici\u00f3n olivarera desde el siglo VI a.C., cuando los griegos trajeron el cultivo del olivo a Ampurias y Rosas.Hoy, continuamos este legado [&hellip;]<\/p>\n","protected":false},"author":1,"featured_media":0,"parent":0,"menu_order":0,"comment_status":"closed","ping_status":"closed","template":"","meta":{"_et_pb_use_builder":"on","_et_pb_old_content":"","_et_gb_content_width":"","footnotes":""},"class_list":["post-458","page","type-page","status-publish","hentry"],"_links":{"self":[{"href":"https:\/\/campsdevents.com\/es\/wp-json\/wp\/v2\/pages\/458","targetHints":{"allow":["GET"]}}],"collection":[{"href":"https:\/\/campsdevents.com\/es\/wp-json\/wp\/v2\/pages"}],"about":[{"href":"https:\/\/campsdevents.com\/es\/wp-json\/wp\/v2\/types\/page"}],"author":[{"embeddable":true,"href":"https:\/\/campsdevents.com\/es\/wp-json\/wp\/v2\/users\/1"}],"replies":[{"embeddable":true,"href":"https:\/\/campsdevents.com\/es\/wp-json\/wp\/v2\/comments?post=458"}],"version-history":[{"count":2,"href":"https:\/\/campsdevents.com\/es\/wp-json\/wp\/v2\/pages\/458\/revisions"}],"predecessor-version":[{"id":462,"href":"https:\/\/campsdevents.com\/es\/wp-json\/wp\/v2\/pages\/458\/revisions\/462"}],"wp:attachment":[{"href":"https:\/\/campsdevents.com\/es\/wp-json\/wp\/v2\/media?parent=458"}],"curies":[{"name":"wp","href":"https:\/\/api.w.org\/{rel}","templated":true}]}}