{"id":449,"date":"2025-08-18T15:07:28","date_gmt":"2025-08-18T15:07:28","guid":{"rendered":"http:\/\/campsdevents.com\/inicio\/"},"modified":"2025-12-11T11:48:09","modified_gmt":"2025-12-11T11:48:09","slug":"inicio","status":"publish","type":"page","link":"http:\/\/campsdevents.com\/es\/","title":{"rendered":"Inicio"},"content":{"rendered":"<p>[et_pb_section fb_built=\u00bb1&#8243; custom_padding_last_edited=\u00bbon|desktop\u00bb admin_label=\u00bbHeader\u00bb _builder_version=\u00bb4.27.4&#8243; _module_preset=\u00bbe34027b4-52ad-4e25-bd62-726b85cb5407&#8243; background_color_gradient_stops=\u00bbrgba(255,255,255,0) 15%|rgba(0,0,0,0.65) 100%\u00bb background_image=\u00bbhttp:\/\/campsdevents.com\/wp-content\/uploads\/2025\/08\/camps-inici-2.jpg\u00bb custom_padding=\u00bb71px||71px||false|false\u00bb custom_padding_tablet=\u00bb71px||71px||false|false\u00bb custom_padding_phone=\u00bb23px||23px||false|false\u00bb collapsed=\u00bbon\u00bb global_colors_info=\u00bb{}\u00bb][et_pb_row _builder_version=\u00bb4.27.4&#8243; _module_preset=\u00bbdefault\u00bb max_width=\u00bb600px\u00bb global_colors_info=\u00bb{}\u00bb][et_pb_column type=\u00bb4_4&#8243; _builder_version=\u00bb4.27.4&#8243; _module_preset=\u00bbdefault\u00bb global_colors_info=\u00bb{}\u00bb][et_pb_heading title=\u00bbCampos de vientos\u00bb _builder_version=\u00bb4.27.4&#8243; _module_preset=\u00bbd9c13028-f0d4-48da-bc7a-08d6d20c8802&#8243; title_text_align=\u00bbcenter\u00bb title_text_color=\u00bb#FFFFFF\u00bb title_font_size=\u00bb57px\u00bb custom_margin=\u00bb||10px||false|false\u00bb title_text_shadow_style=\u00bbpreset1&#8243; text_shadow_style=\u00bbpreset1&#8243; global_colors_info=\u00bb{}\u00bb][\/et_pb_heading][et_pb_text _builder_version=\u00bb4.27.4&#8243; _module_preset=\u00bb84e3f57a-5e66-4149-adfe-c97a118c8b77&#8243; text_orientation=\u00bbcenter\u00bb header_2_text_shadow_style=\u00bbpreset1&#8243; global_colors_info=\u00bb{}\u00bb]<\/p>\n<h2>Aceite de oliva virgen extra ecol\u00f3gico<\/h2>\n<h2>con alma ampurdanesa<\/h2>\n<p>[\/et_pb_text][\/et_pb_column][\/et_pb_row][\/et_pb_section][et_pb_section fb_built=\u00bb1&#8243; admin_label=\u00bbAbout\u00bb _builder_version=\u00bb4.27.4&#8243; _module_preset=\u00bbc8ee6e37-d744-4ab8-827a-d3b4378b4d81&#8243; background_color=\u00bbgcid-240c6e09-0082-45c4-ad53-9792a257f9cc\u00bb custom_padding=\u00bb||45px|||\u00bb collapsed=\u00bbon\u00bb global_colors_info=\u00bb{%22gcid-240c6e09-0082-45c4-ad53-9792a257f9cc%22:%91%22background_color%22%93}\u00bb][et_pb_row column_structure=\u00bb1_2,1_2&#8243; custom_padding_last_edited=\u00bbon|desktop\u00bb _builder_version=\u00bb4.27.4&#8243; _module_preset=\u00bbdefault\u00bb background_color=\u00bbRGBA(255,255,255,0)\u00bb custom_margin=\u00bb-46px||||false|false\u00bb custom_padding=\u00bb36px||0px|2px|false|false\u00bb custom_padding_tablet=\u00bb30px|30px||30px|false|true\u00bb custom_padding_phone=\u00bb20px|20px||20px|false|true\u00bb global_colors_info=\u00bb{}\u00bb][et_pb_column type=\u00bb1_2&#8243; _builder_version=\u00bb4.27.4&#8243; _module_preset=\u00bbdefault\u00bb global_colors_info=\u00bb{}\u00bb][et_pb_text _builder_version=\u00bb4.27.4&#8243; _module_preset=\u00bbdefault\u00bb custom_margin=\u00bb||15px|||\u00bb global_colors_info=\u00bb{}\u00bb]<\/p>\n<p><strong>Sobre nosotros<\/strong><\/p>\n<p>[\/et_pb_text][et_pb_heading title=\u00bbProducci\u00f3n familiar y ecol\u00f3gica\u00bb _builder_version=\u00bb4.27.4&#8243; _module_preset=\u00bbcb117cea-e8c9-430f-8de9-b3165ed05a3c\u00bb title_text_color=\u00bbgcid-primary-color\u00bb custom_margin=\u00bb||10px||false|false\u00bb global_colors_info=\u00bb{%22gcid-primary-color%22:%91%22title_text_color%22%93}\u00bb][\/et_pb_heading][et_pb_text _builder_version=\u00bb4.27.4&#8243; _module_preset=\u00bba9182e0f-abee-441b-ac6a-3cc41dcee953&#8243; text_orientation=\u00bbjustified\u00bb global_colors_info=\u00bb{}\u00bb]<\/p>\n<p><strong>\u00abCamps de vents\u00bb <\/strong>nace como marca para representar los productos de nuestra empresa. Somos una <strong>empresa familiar del Alt Empord\u00e0<\/strong> con una larga vinculaci\u00f3n al territorio y a la tierra que nos rodea. En un entorno privilegiado entre la sierra de Rodes y el mar Mediterr\u00e1neo, alternamos los vi\u00f1edos con nuestros campos de olivos que dan vida a nuestros aceites ecol\u00f3gicos.<\/p>\n<p>Con ra\u00edces profundas y una mirada al futuro, recuperamos y cuidamos las tradiciones agr\u00edcolas de nuestro entorno.<\/p>\n<p>[\/et_pb_text][et_pb_button button_url=\u00bb@ET-DC@eyJkeW5hbWljIjp0cnVlLCJjb250ZW50IjoicG9zdF9saW5rX3VybF9wYWdlIiwic2V0dGluZ3MiOnsicG9zdF9pZCI6IjIwMCIsImVuYWJsZV9odG1sIjoib2ZmIn19@\u00bb button_text=\u00bbProductos\u00bb _builder_version=\u00bb4.27.4&#8243; _dynamic_attributes=\u00bbbutton_url\u00bb _module_preset=\u00bb781475ec-4783-42a5-bc05-34b99373de52&#8243; button_text_color=\u00bb#000000&#8243; global_colors_info=\u00bb{%22gcid-primary-color%22:%91%22button_border_color%22%93,%22gcid-963c2d56-941e-4847-97b2-87928c44c5d5%22:%91%22button_bg_color%22%93}\u00bb][\/et_pb_button][\/et_pb_column][et_pb_column type=\u00bb1_2&#8243; _builder_version=\u00bb4.27.4&#8243; _module_preset=\u00bbdefault\u00bb global_colors_info=\u00bb{}\u00bb][et_pb_image src=\u00bbhttp:\/\/campsdevents.com\/wp-content\/uploads\/2025\/08\/camps-inici-3-1.jpg\u00bb alt=\u00bbProducci\u00f3n familiar\u00bb title_text=\u00bbProducci\u00f3n familiar\u00bb _builder_version=\u00bb4.27.4&#8243; _module_preset=\u00bbdefault\u00bb global_colors_info=\u00bb{}\u00bb][\/et_pb_image][\/et_pb_column][\/et_pb_row][\/et_pb_section][et_pb_section fb_built=\u00bb1&#8243; admin_label=\u00bbAbout the Owner\u00bb _builder_version=\u00bb4.27.4&#8243; _module_preset=\u00bbdefault\u00bb custom_padding=\u00bb40px||5px|||\u00bb collapsed=\u00bbon\u00bb global_colors_info=\u00bb{}\u00bb][et_pb_row column_structure=\u00bb1_4,3_4&#8243; _builder_version=\u00bb4.27.4&#8243; _module_preset=\u00bbdefault\u00bb global_colors_info=\u00bb{}\u00bb][et_pb_column type=\u00bb1_4&#8243; _builder_version=\u00bb4.27.4&#8243; _module_preset=\u00bbdefault\u00bb global_colors_info=\u00bb{}\u00bb][et_pb_image src=\u00bbhttp:\/\/campsdevents.com\/wp-content\/uploads\/2025\/09\/CCPAE-segell-producte_RGB.jpg\u00bb alt=\u00bbCamps-rama\u00bb title_text=\u00bbCCPAE-sello-producto_RGB\u00bb align_tablet=\u00bb\u00bb align_phone=\u00bbcenter\u00bb align_last_edited=\u00bbon|phone\u00bb _builder_version=\u00bb4.27.4&#8243; _module_preset=\u00bbdefault\u00bb width_tablet=\u00bb\u00bb width_phone=\u00bb28%\u00bb width_last_edited=\u00bbon|phone\u00bb global_colors_info=\u00bb{}\u00bb][\/et_pb_image][\/et_pb_column][et_pb_column type=\u00bb3_4&#8243; _builder_version=\u00bb4.27.4&#8243; _module_preset=\u00bbdefault\u00bb custom_padding=\u00bb|60px|||false|false\u00bb custom_padding_tablet=\u00bb|0px|||false|false\u00bb custom_padding_phone=\u00bb|0px|||false|false\u00bb custom_padding_last_edited=\u00bbon|tablet\u00bb global_colors_info=\u00bb{}\u00bb][et_pb_text _builder_version=\u00bb4.27.4&#8243; _module_preset=\u00bbdefault\u00bb custom_margin=\u00bb||15px|||\u00bb global_colors_info=\u00bb{}\u00bb]<\/p>\n<p><strong>Producci\u00f3n familiar, respeto por el territorio<\/strong><\/p>\n<p>[\/et_pb_text][et_pb_heading title=\u00bbAgricultura ecol\u00f3gica certificada\u00bb _builder_version=\u00bb4.27.4&#8243; _module_preset=\u00bbcb117cea-e8c9-430f-8de9-b3165ed05a3c\u00bb custom_margin=\u00bb||10px||false|false\u00bb global_colors_info=\u00bb{}\u00bb][\/et_pb_heading][et_pb_text _builder_version=\u00bb4.27.4&#8243; _module_preset=\u00bba9182e0f-abee-441b-ac6a-3cc41dcee953&#8243; text_orientation=\u00bbjustified\u00bb global_colors_info=\u00bb{}\u00bb]<\/p>\n<p><span data-sheets-root=\"1\">Nuestra producci\u00f3n es 100% ecol\u00f3gica y sostenible, avalada por el Consejo Catal\u00e1n de la Producci\u00f3n Agraria Ecol\u00f3gica (CCPAE). Este sello garantiza el cumplimiento de los est\u00e1ndares m\u00e1s exigentes y refleja nuestro compromiso con el medio ambiente, la salud del consumidor y la calidad del producto.<\/span><\/p>\n<p>[\/et_pb_text][\/et_pb_column][\/et_pb_row][\/et_pb_section][et_pb_section fb_built=\u00bb1&#8243; admin_label=\u00bbAbout the Owner\u00bb _builder_version=\u00bb4.27.4&#8243; _module_preset=\u00bbdefault\u00bb custom_padding=\u00bb40px||5px|||\u00bb collapsed=\u00bbon\u00bb global_colors_info=\u00bb{}\u00bb][et_pb_row column_structure=\u00bb1_2,1_2&#8243; _builder_version=\u00bb4.27.4&#8243; _module_preset=\u00bbdefault\u00bb global_colors_info=\u00bb{}\u00bb][et_pb_column type=\u00bb1_2&#8243; _builder_version=\u00bb4.27.4&#8243; _module_preset=\u00bbdefault\u00bb custom_padding=\u00bb|60px|||false|false\u00bb custom_padding_tablet=\u00bb|0px|||false|false\u00bb custom_padding_phone=\u00bb|0px|||false|false\u00bb custom_padding_last_edited=\u00bbon|tablet\u00bb global_colors_info=\u00bb{}\u00bb][et_pb_heading title=\u00bbTratamos la tierra con respeto, como lo hac\u00edan nuestros antepasados.\u00bb _builder_version=\u00bb4.27.4&#8243; _module_preset=\u00bbcb117cea-e8c9-430f-8de9-b3165ed05a3c\u00bb custom_margin=\u00bb||10px||false|false\u00bb global_colors_info=\u00bb{}\u00bb][\/et_pb_heading][et_pb_text _builder_version=\u00bb4.27.4&#8243; _module_preset=\u00bba9182e0f-abee-441b-ac6a-3cc41dcee953&#8243; text_orientation=\u00bbjustified\u00bb global_colors_info=\u00bb{}\u00bb]<\/p>\n<p><strong>Nuestro compromiso: la sostenibilidad<\/strong><\/p>\n<p>Como familia y como empresa, entendemos que la producci\u00f3n ecol\u00f3gica es una respuesta necesaria ante la crisis clim\u00e1tica y un paso hacia un modelo alimentario m\u00e1s responsable. En nuestros campos:<\/p>\n<p>[\/et_pb_text][et_pb_blurb use_icon=\u00bbon\u00bb font_icon=\u00bb&#xf00c;||fa||900&#8243; image_icon_width=\u00bb38px\u00bb _builder_version=\u00bb4.27.4&#8243; _module_preset=\u00bbdefault\u00bb header_text_color=\u00bb#000000&#8243; custom_margin=\u00bb||15px|||\u00bb global_colors_info=\u00bb{}\u00bb]<\/p>\n<p> No utilizamos productos qu\u00edmicos de s\u00edntesis<\/p>\n<p>[\/et_pb_blurb][et_pb_blurb use_icon=\u00bbon\u00bb font_icon=\u00bb&#xf00c;||fa||900&#8243; image_icon_width=\u00bb38px\u00bb _builder_version=\u00bb4.27.4&#8243; _module_preset=\u00bbdefault\u00bb header_text_color=\u00bb#000000&#8243; custom_margin=\u00bb||15px|||\u00bb global_colors_info=\u00bb{}\u00bb]<\/p>\n<p> Preservamos la cubierta vegetal del suelo<\/p>\n<p>[\/et_pb_blurb][et_pb_blurb use_icon=\u00bbon\u00bb font_icon=\u00bb&#xf00c;||fa||900&#8243; image_icon_width=\u00bb38px\u00bb _builder_version=\u00bb4.27.4&#8243; _module_preset=\u00bbdefault\u00bb header_text_color=\u00bb#000000&#8243; custom_margin=\u00bb||15px|||\u00bb global_colors_info=\u00bb{}\u00bb]<\/p>\n<p>Hacemos un uso eficiente y responsable del agua<\/p>\n<p>[\/et_pb_blurb][et_pb_blurb use_icon=\u00bbon\u00bb font_icon=\u00bb&#xf00c;||fa||900&#8243; image_icon_width=\u00bb38px\u00bb _builder_version=\u00bb4.27.4&#8243; _module_preset=\u00bbdefault\u00bb header_text_color=\u00bb#000000&#8243; custom_margin=\u00bb||15px|||\u00bb global_colors_info=\u00bb{}\u00bb]<\/p>\n<p>Trabajamos con proveedores de proximidad<\/p>\n<p>[\/et_pb_blurb][\/et_pb_column][et_pb_column type=\u00bb1_2&#8243; _builder_version=\u00bb4.27.4&#8243; _module_preset=\u00bbdefault\u00bb global_colors_info=\u00bb{}\u00bb][et_pb_image src=\u00bbhttp:\/\/campsdevents.com\/wp-content\/uploads\/2025\/08\/productes-Oliva-Verge-camps.jpg\u00bb alt=\u00bbProductos &#8211; Oliva Virgen -Camps\u00bb title_text=\u00bbproductos-Oliva Virgen-camps\u00bb _builder_version=\u00bb4.27.4&#8243; _module_preset=\u00bbdefault\u00bb width=\u00bb90%\u00bb module_alignment=\u00bbright\u00bb custom_margin=\u00bb||-15%||false|false\u00bb global_colors_info=\u00bb{}\u00bb][\/et_pb_image][et_pb_image src=\u00bbhttp:\/\/campsdevents.com\/wp-content\/uploads\/2025\/08\/camps-branca.jpg\u00bb alt=\u00bbCamps-rama\u00bb title_text=\u00bbcamps-rama\u00bb _builder_version=\u00bb4.27.4&#8243; _module_preset=\u00bbdefault\u00bb width=\u00bb30%\u00bb width_tablet=\u00bb30%\u00bb width_phone=\u00bb35%\u00bb width_last_edited=\u00bbon|phone\u00bb global_colors_info=\u00bb{}\u00bb][\/et_pb_image][\/et_pb_column][\/et_pb_row][\/et_pb_section][et_pb_section fb_built=\u00bb1&#8243; custom_padding_last_edited=\u00bbon|desktop\u00bb admin_label=\u00bbCall to Action\u00bb _builder_version=\u00bb4.27.4&#8243; _module_preset=\u00bbdefault\u00bb custom_padding=\u00bb44px|30px|44px|30px|true|true\u00bb custom_padding_tablet=\u00bb30px|30px|30px|30px|true|true\u00bb custom_padding_phone=\u00bb20px|20px|20px|20px|true|true\u00bb collapsed=\u00bbon\u00bb global_colors_info=\u00bb{}\u00bb][et_pb_row column_structure=\u00bb1_2,1_2&#8243; use_custom_gutter=\u00bbon\u00bb gutter_width=\u00bb1&#8243; make_equal=\u00bbon\u00bb custom_padding_last_edited=\u00bboff|desktop\u00bb _builder_version=\u00bb4.27.4&#8243; _module_preset=\u00bbdefault\u00bb width=\u00bb100%\u00bb max_width=\u00bbnone\u00bb custom_padding=\u00bb0px||0px||true|false\u00bb custom_padding_tablet=\u00bb|10%||10%|true|true\u00bb custom_padding_phone=\u00bb|10%||10%|true|true\u00bb global_colors_info=\u00bb{}\u00bb][et_pb_column type=\u00bb1_2&#8243; _builder_version=\u00bb4.27.4&#8243; _module_preset=\u00bbdefault\u00bb background_image=\u00bbhttp:\/\/campsdevents.com\/wp-content\/uploads\/2025\/08\/camps-inici.jpg\u00bb global_colors_info=\u00bb{}\u00bb][et_pb_divider show_divider=\u00bboff\u00bb _builder_version=\u00bb4.27.4&#8243; _module_preset=\u00bbdefault\u00bb height_tablet=\u00bb50vw\u00bb height_phone=\u00bb50vw\u00bb height_last_edited=\u00bbon|desktop\u00bb global_colors_info=\u00bb{}\u00bb][\/et_pb_divider][\/et_pb_column][et_pb_column type=\u00bb1_2&#8243; _builder_version=\u00bb4.27.4&#8243; _module_preset=\u00bbbda983b0-9013-4b78-b5e9-7c80c37815ea\u00bb custom_padding=\u00bb5%|60px|5%|60px|true|true\u00bb global_colors_info=\u00bb{}\u00bb][et_pb_heading title=\u00bbUna manera de producir que cuida la tierra, fomenta la econom\u00eda local y responde a las inquietudes de un consumidor consciente.\u00bb _builder_version=\u00bb4.27.4&#8243; _module_preset=\u00bbcb117cea-e8c9-430f-8de9-b3165ed05a3c\u00bb max_width=\u00bb600px\u00bb custom_margin=\u00bb||10px||false|false\u00bb global_colors_info=\u00bb{}\u00bb][\/et_pb_heading][et_pb_text _builder_version=\u00bb4.27.4&#8243; _module_preset=\u00bba9182e0f-abee-441b-ac6a-3cc41dcee953&#8243; text_orientation=\u00bbjustified\u00bb max_width=\u00bb600px\u00bb custom_margin=\u00bb||30px||false|false\u00bb global_colors_info=\u00bb{}\u00bb]<\/p>\n<p><strong>Una alianza entre productores que creen en el territorio y el valor de la cooperaci\u00f3n.<\/strong><br \/>Como peque\u00f1os productores del Alt Empord\u00e0, formamos parte de la Cooperativa Empord\u00e0lia, con quien compartimos valores, filosof\u00eda y molino. Llevamos nuestras aceitunas para obtener un aceite de oliva virgen extra ecol\u00f3gico de gran calidad y tambi\u00e9n aportamos uva ecol\u00f3gica de las variedades Garnacha Blanca ECO y Merlot ECO.<\/p>\n<p>[\/et_pb_text][et_pb_heading title=\u00bbPrueba el Empord\u00e0, botella a botella\u00bb _builder_version=\u00bb4.27.4&#8243; _module_preset=\u00bbcb117cea-e8c9-430f-8de9-b3165ed05a3c\u00bb max_width=\u00bb600px\u00bb custom_margin=\u00bb||10px||false|false\u00bb global_colors_info=\u00bb{}\u00bb][\/et_pb_heading][et_pb_text _builder_version=\u00bb4.27.4&#8243; _module_preset=\u00bba9182e0f-abee-441b-ac6a-3cc41dcee953&#8243; text_orientation=\u00bbjustified\u00bb max_width=\u00bb600px\u00bb custom_margin=\u00bb||30px||false|false\u00bb global_colors_info=\u00bb{}\u00bb]<\/p>\n<p>Nuestros aceites no solo alimentan: cuentan una historia, una manera de hacer y de vivir. Descubre los sabores de una tierra aut\u00e9ntica y vive la experiencia de llevar el Empord\u00e0 a tu mesa.<\/p>\n<p>[\/et_pb_text][et_pb_button button_url=\u00bb@ET-DC@eyJkeW5hbWljIjp0cnVlLCJjb250ZW50IjoicG9zdF9saW5rX3VybF9wYWdlIiwic2V0dGluZ3MiOnsicG9zdF9pZCI6IjIwMCIsImVuYWJsZV9odG1sIjoib2ZmIn19@\u00bb button_text=\u00bbDescubre nuestros aceites\u00bb _builder_version=\u00bb4.27.4&#8243; _dynamic_attributes=\u00bbbutton_url\u00bb _module_preset=\u00bbef9f9d3e-ca21-4004-9520-fbbbf89fce7f\u00bb global_colors_info=\u00bb{}\u00bb][\/et_pb_button][\/et_pb_column][\/et_pb_row][\/et_pb_section]<\/p>\n","protected":false},"excerpt":{"rendered":"<p>Aceite de oliva virgen extra ecol\u00f3gico con alma ampurdanesaSobre nosotros\u00bbCamps de vents\u00bb nace como marca para representar los productos de nuestra empresa. Somos una empresa familiar del Alt Empord\u00e0 con una larga vinculaci\u00f3n al territorio y a la tierra que nos rodea. En un entorno privilegiado entre la sierra de Rodes y el mar Mediterr\u00e1neo, [&hellip;]<\/p>\n","protected":false},"author":1,"featured_media":0,"parent":0,"menu_order":0,"comment_status":"closed","ping_status":"closed","template":"","meta":{"_et_pb_use_builder":"on","_et_pb_old_content":"","_et_gb_content_width":"","footnotes":""},"class_list":["post-449","page","type-page","status-publish","hentry"],"_links":{"self":[{"href":"http:\/\/campsdevents.com\/es\/wp-json\/wp\/v2\/pages\/449","targetHints":{"allow":["GET"]}}],"collection":[{"href":"http:\/\/campsdevents.com\/es\/wp-json\/wp\/v2\/pages"}],"about":[{"href":"http:\/\/campsdevents.com\/es\/wp-json\/wp\/v2\/types\/page"}],"author":[{"embeddable":true,"href":"http:\/\/campsdevents.com\/es\/wp-json\/wp\/v2\/users\/1"}],"replies":[{"embeddable":true,"href":"http:\/\/campsdevents.com\/es\/wp-json\/wp\/v2\/comments?post=449"}],"version-history":[{"count":13,"href":"http:\/\/campsdevents.com\/es\/wp-json\/wp\/v2\/pages\/449\/revisions"}],"predecessor-version":[{"id":540,"href":"http:\/\/campsdevents.com\/es\/wp-json\/wp\/v2\/pages\/449\/revisions\/540"}],"wp:attachment":[{"href":"http:\/\/campsdevents.com\/es\/wp-json\/wp\/v2\/media?parent=449"}],"curies":[{"name":"wp","href":"https:\/\/api.w.org\/{rel}","templated":true}]}}